{"id":4090,"date":"2021-04-28T12:43:56","date_gmt":"2021-04-28T12:43:56","guid":{"rendered":"https:\/\/euamotrico.com.br\/loja\/?post_type=product&#038;p=4090"},"modified":"2025-09-09T23:22:24","modified_gmt":"2025-09-09T23:22:24","slug":"aulas-blusao-trancado-cravo","status":"publish","type":"product","link":"https:\/\/euamotrico.com.br\/loja\/produto\/aulas-blusao-trancado-cravo\/","title":{"rendered":"Aulas Blus\u00e3o Tran\u00e7ado Cravo &#8211; Turma de 5\u00aa Feira"},"content":{"rendered":"\t\t<div data-elementor-type=\"wp-post\" data-elementor-id=\"4090\" class=\"elementor elementor-4090\">\n\t\t\t\t\t\t<section class=\"elementor-section elementor-top-section elementor-element elementor-element-4ccd11d3 elementor-section-boxed elementor-section-height-default elementor-section-height-default\" data-id=\"4ccd11d3\" data-element_type=\"section\">\n\t\t\t\t\t\t<div class=\"elementor-container elementor-column-gap-default\">\n\t\t\t\t\t<div class=\"elementor-column elementor-col-100 elementor-top-column elementor-element elementor-element-79701c15\" data-id=\"79701c15\" data-element_type=\"column\">\n\t\t\t<div class=\"elementor-widget-wrap elementor-element-populated\">\n\t\t\t\t\t\t<div class=\"elementor-element elementor-element-4f5d4ee3 elementor-widget elementor-widget-text-editor\" data-id=\"4f5d4ee3\" data-element_type=\"widget\" data-widget_type=\"text-editor.default\">\n\t\t\t\t<div class=\"elementor-widget-container\">\n\t\t\t\t\t\t\t\t\t<p>Comprando esse pacote, voc\u00ea ter\u00e1 acesso a 1 m\u00eas e 1 semana de aulas que funcionar\u00e3o da seguinte forma:<\/p><p>Acesso ao site com o conte\u00fado das aulas.<\/p><p>Aulas gravadas em partes de toda a execu\u00e7\u00e3o do Blus\u00e3o Cravo (vers\u00e3o destros).<\/p><p>Durante \u00e0s 5\u00aa feiras teremos uma reuni\u00e3o (de aproximadamente 1 hora no Google Meet \u00e0s 20h) para tirar d\u00favidas e explica\u00e7\u00f5es atrav\u00e9s do v\u00eddeo e ao longo da semana os alunos ter\u00e3o acesso ao Telegram para avisos, d\u00favidas, compartilhamento de fotos e mensagens apenas sobre a pe\u00e7a em andamento. Esse suporte \u00e9 individual.<\/p><p>O aluno ter\u00e1 acesso a receita escrita (pdf) para o tamanho G adulto.<\/p><p>Aula voltada para alunos iniciantes no tric\u00f4.<\/p><p>Este produto \u00e9 digital, ap\u00f3s sua compra, n\u00e3o aceitamos trocas ou devolu\u00e7\u00f5es.<\/p><p>Ao clicar em comprar, voc\u00ea garante a sua vaga na turma, vagas limitadas.<\/p><p><strong>In\u00edcio:<\/strong> 13 de Maio de 2021.<\/p><p><strong>Fim:<\/strong> 10 de Junho de 2021.<\/p><p><strong>D\u00favidas?:<\/strong> contato@euamotrico.com.br<\/p>\t\t\t\t\t\t\t\t<\/div>\n\t\t\t\t<\/div>\n\t\t\t\t\t<\/div>\n\t\t<\/div>\n\t\t\t\t\t<\/div>\n\t\t<\/section>\n\t\t\t\t<\/div>\n\t\t","protected":false},"excerpt":{"rendered":"<p>Pacote com aulas em v\u00eddeo, receita escrita, reuni\u00f5es nas quintas-feiras \u00e0s 20h no Google Meet e acesso ao Telegram para suporte individual caso o aluno tenha uma d\u00favida ao longo da execu\u00e7\u00e3o da pe\u00e7a, para alunos iniciantes interessados na confec\u00e7\u00e3o deste casaco tran\u00e7ado. A pe\u00e7a tem tran\u00e7ado, \u00e9 feita em agulhas retas, gola na circular, mangas longas, decote em U, e costura das partes no final.<\/p>\n","protected":false},"featured_media":4091,"comment_status":"open","ping_status":"closed","template":"","meta":[],"class_list":["post-4090","product","type-product","status-publish","has-post-thumbnail","hentry","product_cat-aulas","product_cat-receita-de-trico","product_tag-aulas"],"jetpack_sharing_enabled":true,"_links":{"self":[{"href":"https:\/\/euamotrico.com.br\/loja\/wp-json\/wp\/v2\/product\/4090","targetHints":{"allow":["GET"]}}],"collection":[{"href":"https:\/\/euamotrico.com.br\/loja\/wp-json\/wp\/v2\/product"}],"about":[{"href":"https:\/\/euamotrico.com.br\/loja\/wp-json\/wp\/v2\/types\/product"}],"replies":[{"embeddable":true,"href":"https:\/\/euamotrico.com.br\/loja\/wp-json\/wp\/v2\/comments?post=4090"}],"version-history":[{"count":5,"href":"https:\/\/euamotrico.com.br\/loja\/wp-json\/wp\/v2\/product\/4090\/revisions"}],"predecessor-version":[{"id":4170,"href":"https:\/\/euamotrico.com.br\/loja\/wp-json\/wp\/v2\/product\/4090\/revisions\/4170"}],"wp:featuredmedia":[{"embeddable":true,"href":"https:\/\/euamotrico.com.br\/loja\/wp-json\/wp\/v2\/media\/4091"}],"wp:attachment":[{"href":"https:\/\/euamotrico.com.br\/loja\/wp-json\/wp\/v2\/media?parent=4090"}],"curies":[{"name":"wp","href":"https:\/\/api.w.org\/{rel}","templated":true}]}}